{"id":27,"date":"2016-06-28T08:46:35","date_gmt":"2016-06-28T08:46:35","guid":{"rendered":"http:\/\/192.168.1.62\/vedranruzic\/?page_id=27"},"modified":"2021-03-14T13:31:15","modified_gmt":"2021-03-14T13:31:15","slug":"slikarstvo","status":"publish","type":"page","link":"https:\/\/vedranruzic.com\/en\/slikarstvo\/","title":{"rendered":"Painting"},"content":{"rendered":"<div id=\"pl-27\"  class=\"panel-layout\" ><div id=\"pg-27-0\"  class=\"panel-grid panel-has-style\" ><div class=\"siteorigin-panels-stretch panel-row-style panel-row-style-for-27-0\" data-stretch-type=\"full\" ><div id=\"pgc-27-0-0\"  class=\"panel-grid-cell\" ><div id=\"panel-27-0-0-0\" class=\"so-panel widget widget_black-studio-tinymce widget_black_studio_tinymce panel-first-child panel-last-child\" data-index=\"0\" ><div class=\"textwidget\"><h1 style=\"text-align: center;\"><strong><\/strong><strong>GALLERIES<\/strong><\/h1>\n<\/div><\/div><\/div><\/div><\/div><div id=\"pg-27-1\"  class=\"panel-grid panel-has-style\" ><div class=\"siteorigin-panels-stretch panel-row-style panel-row-style-for-27-1\" data-stretch-type=\"full\" ><div id=\"pgc-27-1-0\"  class=\"panel-grid-cell\" ><div id=\"panel-27-1-0-0\" class=\"so-panel widget widget_black-studio-tinymce widget_black_studio_tinymce panel-first-child panel-last-child\" data-index=\"1\" ><div class=\"textwidget\"><h5 style=\"text-align: center;\"><a href=\"http:\/\/vedranruzic.com\/slikarstvo\/kromatske-partiture\/\"><img class=\"alignnone size-full wp-image-886\" src=\"http:\/\/vedranruzic.com\/wp-content\/uploads\/2019\/12\/kromatske-partiture.jpg\" alt=\"kromatske-partiture\" width=\"600\" height=\"500\" \/><\/a><\/h5>\n<h5><\/h5>\n<p>&nbsp;<\/p>\n<h5 style=\"text-align: center;\"><a href=\"http:\/\/vedranruzic.com\/slikarstvo\/kromatske-partiture\/\">Chromatic partiture<\/a><\/h5>\n<p style=\"text-align: center;\">In this series of work Ru\u017ei\u0107 strives to link painting and music. He creates his work by collecting the partitures which he used to play and pasting them in a collage technique on a surface over which he paints abstraction.<\/p>\n<p style=\"text-align: center;\"><span style=\"color: #0eb2e7;\"><a style=\"color: #0eb2e7;\" href=\"http:\/\/vedranruzic.com\/slikarstvo\/kromatske-partiture\/\"><span style=\"color: #0eb2e7;\">Know more<\/span><\/a><\/span><\/p>\n<p>&nbsp;<\/p>\n<\/div><\/div><\/div><div id=\"pgc-27-1-1\"  class=\"panel-grid-cell\" ><div id=\"panel-27-1-1-0\" class=\"so-panel widget widget_black-studio-tinymce widget_black_studio_tinymce panel-first-child panel-last-child\" data-index=\"2\" ><div class=\"textwidget\"><h5 style=\"text-align: center;\"><a href=\"http:\/\/vedranruzic.com\/slikarstvo\/inspired-by-wagner-debussy\/\"><img class=\"alignnone wp-image-887\" src=\"http:\/\/vedranruzic.com\/wp-content\/uploads\/2019\/12\/vedran-ruzic-wagner.jpg\" alt=\"wagner\" width=\"600\" height=\"500\" \/><\/a><\/h5>\n<p>&nbsp;<\/p>\n<h5 style=\"text-align: center;\"><a href=\"http:\/\/vedranruzic.com\/slikarstvo\/inspired-by-wagner-debussy\/\">Wagner<\/a><\/h5>\n<p style=\"text-align: center;\">One of the biggest representatives of comprehensive artwork ideal were Wagner and Skrjabin who sometimes created their work with equal and emphasized collaboration of a few art forms.<\/p>\n<p style=\"text-align: center;\"><span style=\"color: #0eb2e7;\"><a style=\"color: #0eb2e7;\" href=\"http:\/\/vedranruzic.com\/slikarstvo\/inspired-by-wagner-debussy\/\">Know more<\/a><\/span><\/p>\n<\/div><\/div><\/div><\/div><\/div><div id=\"pg-27-2\"  class=\"panel-grid panel-has-style\" ><div class=\"siteorigin-panels-stretch panel-row-style panel-row-style-for-27-2\" data-stretch-type=\"full\" ><div id=\"pgc-27-2-0\"  class=\"panel-grid-cell\" ><div id=\"panel-27-2-0-0\" class=\"so-panel widget widget_black-studio-tinymce widget_black_studio_tinymce panel-first-child\" data-index=\"3\" ><div class=\"textwidget\"><p style=\"font-size: 20px; text-align: center;\"><strong>Selected solo exhibitions in Croatia<\/strong><\/p>\n<\/div><\/div><div id=\"panel-27-2-0-1\" class=\"so-panel widget widget_black-studio-tinymce widget_black_studio_tinymce panel-last-child\" data-index=\"4\" ><div class=\"textwidget\"><p style=\"text-align: center;\">2010. \u201cGalije i jedrenjaci\u201d (Boats), Opatija<br \/>\n2012 \u201cObojeni zvukovi pejza\u017ea\u201d (Colors of the peisage), Rukavac<br \/>\n2013 \u201cOpatijski kupa\u010di\u201d (Swimmers), Open air theatre Opatija<br \/>\n2014 Exhibition in Art pavilion Juraj \u0160porer, Opatija<br \/>\n2015 \u201cColors of Kvarner\u201d, Buzet<br \/>\n2017 \u201cMa\u010dak z Voloskega\u201d, Gradska galerija Crikvenica<br \/>\n2017 \u201cConcertual Art\u201d, Gallery La Cisterna, Mo\u0161\u0107eni\u010dka Draga<br \/>\n2017 \u201cConcertual Art\u201d City gallery, Matulji<br \/>\n2018 \u201cNight Speaking\u201d St Kr\u0161evan Gallery, International Children\u2019s Festival, \u0160ibenik<br \/>\n2018 \u201cConcertual Art\u201d St Nicolas Gallery, Malinska<br \/>\n2019 \u201cChromatic partitures\u201d Galley Krsto Hegedu\u0161i\u0107, Petrinja<br \/>\n2019 \u201cChromatic partitures\u201d St Kr\u0161evan Gallery, \u0160ibenik<br \/>\n2019 \u201eSculptures\u201d, Slavonski Brod<br \/>\n2019 \u201cChromatic partitures\u201d, Gallery church Sv. Trojice, Kastav<br \/>\n2019 \u201cWagner and Chromatic partitures\u201d, Gallery Greta, Zagreb<br \/>\n2020 \t\u201eForbidden Melody, Regional museum Buzet<br \/>\n2020 \t\u201eWagner\u201c, Gallery Lapidarij, Omi\u0161alj<br \/>\n2020 \t\u201eForbidden Melody\u201c, Gallery Zlati Ajngel, Vara\u017edin<br \/>\n2020 \t\u201eForbidden Mellody\u201c, Gallery Pik, Rab<br \/>\n2020 \t\u201eWagner\u201d, Gallery Alvona, Labin<br \/>\n2020 \t\u201cForbidden Mellody\u201c, EXPORTDRVO, Rijeka<br \/>\n2020 \t\u201cForbidden\u201c, Museum of Knin, Knin<br \/>\n2020 \t\u201eWagner\u201c, Gallery Gal\u017eenica, Velika Gorica<br \/>\n2021 \t\u201cWagner\u201c, Pavillion Juraj \u0160porer, Opatija<br \/>\n2021 \t\u201cMogu\u0107e nemogu\u0107e\u201c, Gallery Antuna Augustin\u010di\u0107, Klanjec<br \/>\n2021 \t\u201cForbidden Mellody\u201c, Gallery Vladimir Bu\u017ean\u010di\u0107, Zagreb<\/p>\n<\/div><\/div><\/div><\/div><\/div><div id=\"pg-27-3\"  class=\"panel-grid panel-has-style\" ><div class=\"siteorigin-panels-stretch panel-row-style panel-row-style-for-27-3\" data-stretch-type=\"full\" ><div id=\"pgc-27-3-0\"  class=\"panel-grid-cell\" ><div id=\"panel-27-3-0-0\" class=\"so-panel widget widget_black-studio-tinymce widget_black_studio_tinymce panel-first-child\" data-index=\"5\" ><div class=\"textwidget\"><p style=\"font-size: 20px; text-align: center;\"><strong>\u00a0<\/strong><strong>International solo exhibitions<\/strong><\/p>\n<\/div><\/div><div id=\"panel-27-3-0-1\" class=\"so-panel widget widget_black-studio-tinymce widget_black_studio_tinymce panel-last-child\" data-index=\"6\" ><div class=\"textwidget\"><p style=\"text-align: center;\">August 2014 \u201cZug der Farben\u201d, Galerie Lumina, Vienna, Austria<br \/>\nOctober 2015 \u201cDer Kater aus Volosko\u201d, Museum der Stadt Bad Ischl, Austria<br \/>\nNovember 2015 \u201cDer Kater aus Volosko\u201d, Galerie Einraum, Gleisdorf, Austria<br \/>\nFebruary 2017 \u201cSpiritual Market\u201d, Galerie Cars&amp;Arts, Vienna, Austria<br \/>\nJanuary 2018 \u201cSpiritual Market\u201d, Ravne na Koro\u0161kem, Slovenia<\/p>\n<p style=\"text-align: center;\">January 2020 \u00a0\u00a0 \u201eSandhour\u201c, Institut f\u00fcr Alles M\u00f6gliche, Berlin, Germany<\/p>\n<p>&nbsp;<\/p>\n<\/div><\/div><\/div><\/div><\/div><div id=\"pg-27-4\"  class=\"panel-grid panel-has-style\" ><div class=\"siteorigin-panels-stretch panel-row-style panel-row-style-for-27-4\" data-stretch-type=\"full\" ><div id=\"pgc-27-4-0\"  class=\"panel-grid-cell\" ><div id=\"panel-27-4-0-0\" class=\"so-panel widget widget_black-studio-tinymce widget_black_studio_tinymce panel-first-child\" data-index=\"7\" ><div class=\"textwidget\"><p style=\"font-size: 20px; text-align: center;\"><strong>Group exhibitions<\/strong><\/p>\n<\/div><\/div><div id=\"panel-27-4-0-1\" class=\"so-panel widget widget_black-studio-tinymce widget_black_studio_tinymce panel-last-child\" data-index=\"8\" ><div class=\"textwidget\"><p style=\"text-align: center;\">September 2017 \u201cCycles\u201d, Galerie 11b, Salzburg, Austria<br \/>\nMay 2018 Design Week Zagreb, Croatia<br \/>\nJune 2018 Final exhibition of Master students, Gallery Kortil, Rijeka, Croatia<br \/>\nJuly 2018 Final exhibition of Master students, Ba\u0161ka, Croatia<\/p>\n<p style=\"text-align: center;\">2020 \u201cNeizvjesna izlo\u017eba\u201c, Galerija <em>Kortil<\/em>, Rijeka, Croatia<\/p>\n<p style=\"text-align: center;\">2020 \u00a0\u00a0 \u201cUmjetnost i politika\u201c, HDLU Istre, Pula, Croatia<\/p>\n<p style=\"text-align: center;\">2020\u00a0\u00a0\u00a0 Godi\u0161nja izlo\u017eba \u010dlanova HDLU-a, (Gallery Prsten, Gallery PM, Dom HDLU),Zagreb<\/p>\n<p style=\"text-align: center;\">2020\u00a0\u00a0\u00a0 \u201cZvu\u010dne okupacije\u201c, Gallery SKC Rijeka, Croatia<\/p>\n<p style=\"text-align: center;\">2021 \u00a0\u00a0 Exhibition of the new HDLUR members, Gallery HDLU Rijeka, Croatia<\/p>\n<p>&nbsp;<\/p>\n<\/div><\/div><\/div><\/div><\/div><\/div>","protected":false},"excerpt":{"rendered":"<p>GALLERIES &nbsp; Chromatic partiture In this series of work Ru\u017ei\u0107 strives to link painting and music. He creates his work by collecting the partitures which he used to play and pasting them in a collage technique on a surface over which he paints abstraction. Know more &nbsp; &nbsp; Wagner One of the biggest representatives of&#8230;<\/p>\n","protected":false},"author":1,"featured_media":994,"parent":0,"menu_order":0,"comment_status":"closed","ping_status":"closed","template":"","meta":[],"_links":{"self":[{"href":"https:\/\/vedranruzic.com\/en\/wp-json\/wp\/v2\/pages\/27"}],"collection":[{"href":"https:\/\/vedranruzic.com\/en\/wp-json\/wp\/v2\/pages"}],"about":[{"href":"https:\/\/vedranruzic.com\/en\/wp-json\/wp\/v2\/types\/page"}],"author":[{"embeddable":true,"href":"https:\/\/vedranruzic.com\/en\/wp-json\/wp\/v2\/users\/1"}],"replies":[{"embeddable":true,"href":"https:\/\/vedranruzic.com\/en\/wp-json\/wp\/v2\/comments?post=27"}],"version-history":[{"count":5,"href":"https:\/\/vedranruzic.com\/en\/wp-json\/wp\/v2\/pages\/27\/revisions"}],"predecessor-version":[{"id":1237,"href":"https:\/\/vedranruzic.com\/en\/wp-json\/wp\/v2\/pages\/27\/revisions\/1237"}],"wp:featuredmedia":[{"embeddable":true,"href":"https:\/\/vedranruzic.com\/en\/wp-json\/wp\/v2\/media\/994"}],"wp:attachment":[{"href":"https:\/\/vedranruzic.com\/en\/wp-json\/wp\/v2\/media?parent=27"}],"curies":[{"name":"wp","href":"https:\/\/api.w.org\/{rel}","templated":true}]}}